
{"id":183,"date":"2016-09-08T14:20:14","date_gmt":"2016-09-08T14:20:14","guid":{"rendered":"http:\/\/bvbe1.compuwebperu.com\/bvbe\/?page_id=183"},"modified":"2019-01-10T13:08:47","modified_gmt":"2019-01-10T18:08:47","slug":"centro-de-practicas-tecnologicas","status":"publish","type":"page","link":"https:\/\/tumi.lamolina.edu.pe\/bvbe\/index.php\/centro-de-practicas-tecnologicas\/","title":{"rendered":"Centro de Pr\u00e1cticas Tecnol\u00f3gicas"},"content":{"rendered":"<p style=\"text-align: justify;\">Tiene por funci\u00f3n facilitar a los docentes y alumnos la creaci\u00f3n, edici\u00f3n de materiales, principalmente de multimedia, con equipamiento especial y asistencia tecnol\u00f3gica en apoyo a la producci\u00f3n de trabajos acad\u00e9micos digitales, e-learning, videoconferencia\u00a0 diversas presentaciones. Alienta la creaci\u00f3n de comunidades virtuales de aprendizaje entre los miembros de la universidad.<br \/>\nEn el curso se ense\u00f1ara varios programas y se usara las TICS, la web 2.0\u00a0 las redes sociales como tambi\u00e9n entornos aplicados a la educaci\u00f3n.<\/p>\n<p><img loading=\"lazy\" decoding=\"async\" class=\"size-medium wp-image-184 aligncenter\" src=\"http:\/\/tumi.lamolina.edu.pe\/bvbe\/wp-content\/uploads\/2016\/09\/PracTecno-300x169.jpg\" alt=\"practecno\" width=\"300\" height=\"169\" srcset=\"https:\/\/tumi.lamolina.edu.pe\/bvbe\/wp-content\/uploads\/2016\/09\/PracTecno-300x169.jpg 300w, https:\/\/tumi.lamolina.edu.pe\/bvbe\/wp-content\/uploads\/2016\/09\/PracTecno.jpg 320w\" sizes=\"(max-width: 300px) 100vw, 300px\" \/><\/p>\n<p>&nbsp;<\/p>\n<p style=\"text-align: justify;\"><img loading=\"lazy\" decoding=\"async\" class=\"alignnone size-medium wp-image-184 aligncenter\" src=\"http:\/\/tumi.lamolina.edu.pe\/bvbe\/wp-content\/uploads\/2016\/09\/PracTecno2-300x169.jpg\" alt=\"practecno2\" width=\"300\" height=\"169\" \/><\/p>\n<p>&nbsp;<\/p>\n<p><span style=\"color: #0000ff;\"><strong>Apoyo TIC\u00a0 a la Investigaci\u00f3n<\/strong><\/span><\/p>\n<ol>\n<li style=\"text-align: justify;\"><span style=\"color: #0000ff;\"><strong>Infraestructura<\/strong><\/span><strong>:<\/strong>La sala de Informaci\u00f3n Especializada cuenta\u00a0 con un \u00e1rea exclusiva solo para docentes de la UNALM, esta \u00e1rea\u00a0 tiene 6\u00a0 Computadoras\u00a0 modernas\u00a0 con conexi\u00f3n a internet con multimedia.<\/li>\n<\/ol>\n<ol style=\"text-align: justify;\" start=\"2\">\n<li><span style=\"color: #0000ff;\"><strong>Acceso inal\u00e1mbrico (WIFI) y por cacle<\/strong><\/span><strong>:<\/strong><\/li>\n<\/ol>\n<p style=\"text-align: justify;\">Contamos con nuestro propio modem inal\u00e1mbricos en nuestra sala.<\/p>\n<ol style=\"text-align: justify;\" start=\"3\">\n<li><span style=\"color: #0000ff;\"><strong>Programas con licencia por la BAN<\/strong><\/span><strong>:<\/strong><\/li>\n<\/ol>\n<p style=\"text-align: justify;\">Contamos con la colecci\u00f3n Adobe Master CS6 \u00a0y \u00a0la colecci\u00f3n \u00a0Adobe Creative Cloud 2017.<\/p>\n<p style=\"text-align: justify;\"><img loading=\"lazy\" decoding=\"async\" class=\"alignnone size-medium wp-image-1392\" src=\"http:\/\/tumi.lamolina.edu.pe\/bvbe\/wp-content\/uploads\/2016\/09\/adobe-cc-2017-300x158.png\" alt=\"adobe-cc-2017\" width=\"200\" height=\"100\" \/><\/p>\n<ul style=\"text-align: justify;\">\n<li>Adobe After Effects CS6<\/li>\n<li>Adobe Audition CS6<\/li>\n<li>Adobe Briget CS6<\/li>\n<li>Adobe Dreamweaver CS6<\/li>\n<li>Adobe\u00a0 Encore CS6<\/li>\n<li>Adobe\u00a0 ExtensScript Toolkit CS6<\/li>\n<li>Adobe\u00a0 Extensi\u00f3n Manager CS6<\/li>\n<li>Adobe Fireworks CS6<\/li>\n<li>Adobe Flash Professional CS6<\/li>\n<li>Adobe Illustrator CS6<\/li>\n<li>Adobe InDesign CS6<\/li>\n<li>Adobe Media Encorder CS6<\/li>\n<li>Adobe\u00a0 Photoshop CS6<\/li>\n<li>Adobe\u00a0 prelude CS6<\/li>\n<li>Adobe Premiere Pro CS6<\/li>\n<li>Adobe Speed Grade CS6<\/li>\n<\/ul>\n<ol style=\"text-align: justify;\" start=\"4\">\n<li><span style=\"color: #0000ff;\"><strong> Software para investigadores<\/strong><strong>:<\/strong><strong> Software libre.<\/strong><\/span><\/li>\n<\/ol>\n<p style=\"text-align: justify;\">El mundo del software est\u00e1 viviendo en el \u00faltimo decenio una peculiar revoluci\u00f3n que tiene como principal actor el software libre. El fen\u00f3meno es de tal magnitud que recientemente Mark Driver, de la acreditada consultora Gartner, predec\u00eda que, en un par de a\u00f1os, el 80% del software comercial contendr\u00e1 m\u00f3dulos de software libre.<\/p>\n<p style=\"text-align: justify;\">Las mayores ventajas, si cabe, proceden del \u00e1mbito metodol\u00f3gico<u>.<\/u>\u00a0Como es bien conocido, un principio fundamental en las publicaciones cient\u00edficas exige que sus resultados sean reproducibles por otros investigadores. Cuando la publicaci\u00f3n incluye el tratamiento estad\u00edstico de datos experimentales, este principio reclama que los procesos estad\u00edsticos puedan ser reproducidos.<\/p>\n<p style=\"text-align: justify;\">Ello requiere que datos y procesos sean p\u00fablicos, exigencia en la que Internet es una gran aliada, pues permite que las aplicaciones software est\u00e9n universalmente disponibles. Solamente el software libre puede ofrecer a la comunidad cient\u00edfica esta disponibilidad.<\/p>\n<p style=\"text-align: justify;\">&#8211; Alternativas libres<\/p>\n<p><a href=\"http:\/\/oshl.edu.umh.es\/software-libre\/listado-por-categorias\/\">http:\/\/oshl.edu.umh.es\/software-libre\/listado-por-categorias\/<\/a><\/p>\n<p style=\"text-align: justify;\">&#8211; Cat\u00e1logo de Software Libre<\/p>\n<p style=\"text-align: justify;\"><a href=\"http:\/\/www.cdlibre.org\/consultar\/catalogo\/\">http:\/\/www.cdlibre.org\/consultar\/catalogo\/<\/a><\/p>\n<p style=\"text-align: justify;\">&#8211; Cat\u00e1logo de Software Libre<\/p>\n<p style=\"text-align: justify;\"><a href=\"http:\/\/selibre.osl.ull.es\/\">http:\/\/selibre.osl.ull.es\/<\/a><\/p>\n<ol style=\"text-align: justify;\" start=\"5\">\n<li><strong><span style=\"color: #0000ff;\">Formaci\u00f3n TIC<\/span>.<\/strong><\/li>\n<\/ol>\n<p style=\"text-align: justify;\">Las Competencias Inform\u00e1ticas e Informacionales \u00a0son el conjunto de conocimientos, habilidades, disposiciones y conductas que capacitan a los individuos para saber c\u00f3mo funcionan las TIC y como manejar la informaci\u00f3n, d\u00f3nde localizarla, c\u00f3mo evaluar su idoneidad y darle el uso adecuado de acuerdo con el problema que se les plantea.<\/p>\n<p style=\"text-align: justify;\"><strong>Est\u00e1ndares de competencias en TIC para docentes<\/strong><\/p>\n<p style=\"text-align: justify;\">NETS de ISTE for Teachers (NETS \u2022 T) son las normas para la evaluaci\u00f3n de las habilidades de\u00a0 los docentes,\u00a0 los conocimientos necesarios para ense\u00f1ar, trabajar y aprender en una sociedad global y digital cada vez m\u00e1s conectado.<\/p>\n<p style=\"text-align: justify;\">Como la integraci\u00f3n de la tecnolog\u00eda sigue en aumento en nuestra sociedad, es fundamental que los docentes poseen las habilidades y comportamientos de los profesionales de la era digital.<\/p>\n<ol style=\"text-align: justify;\" start=\"6\">\n<li><span style=\"color: #0000ff;\"><strong>Videoconferencia y Entornos\u00a0 Colaborativos<\/strong><\/span><\/li>\n<\/ol>\n<p style=\"text-align: justify;\">Uso de plataformas para videoconferencias streaming, e-learning, moodles y otros.<\/p>\n<ol style=\"text-align: justify;\" start=\"7\">\n<li><strong><span style=\"color: #0000ff;\">Algunas herramientas de utilidad en la red.<\/span><\/strong><\/li>\n<\/ol>\n<p style=\"text-align: justify;\">Doodle \u00a0(Planificador sencillo de reuniones)<\/p>\n<p style=\"text-align: justify;\">Delicious Social Bookmarking (Gesti\u00f3n de marcadores sociales en web).<\/p>\n<p style=\"text-align: justify;\">Mendeley<\/p>\n<p style=\"text-align: justify;\">Zotero, entre otros.<\/p>\n<p>&nbsp;<\/p>\n<p>Lugar:<\/p>\n<p>Sala B\u00fasqueda Especializada<\/p>\n<p>Biblioteca Agr\u00edcola Nacional<\/p>\n<p>Universidad Nacional Agraria la Molina.<\/p>\n<p>BAN &#8211; UNALM<\/p>\n","protected":false},"excerpt":{"rendered":"<p>Tiene por funci\u00f3n facilitar a los docentes y alumnos la creaci\u00f3n, edici\u00f3n de materiales, principalmente de multimedia, con equipamiento especial y asistencia tecnol\u00f3gica en apoyo a la producci\u00f3n de trabajos acad\u00e9micos digitales, e-learning, videoconferencia\u00a0 diversas presentaciones. Alienta la creaci\u00f3n de comunidades virtuales de aprendizaje entre los miembros de la universidad. En el curso se ense\u00f1ara &hellip;<\/p>\n","protected":false},"author":1,"featured_media":0,"parent":0,"menu_order":0,"comment_status":"closed","ping_status":"closed","template":"","meta":{"footnotes":""},"_links":{"self":[{"href":"https:\/\/tumi.lamolina.edu.pe\/bvbe\/index.php\/wp-json\/wp\/v2\/pages\/183"}],"collection":[{"href":"https:\/\/tumi.lamolina.edu.pe\/bvbe\/index.php\/wp-json\/wp\/v2\/pages"}],"about":[{"href":"https:\/\/tumi.lamolina.edu.pe\/bvbe\/index.php\/wp-json\/wp\/v2\/types\/page"}],"author":[{"embeddable":true,"href":"https:\/\/tumi.lamolina.edu.pe\/bvbe\/index.php\/wp-json\/wp\/v2\/users\/1"}],"replies":[{"embeddable":true,"href":"https:\/\/tumi.lamolina.edu.pe\/bvbe\/index.php\/wp-json\/wp\/v2\/comments?post=183"}],"version-history":[{"count":7,"href":"https:\/\/tumi.lamolina.edu.pe\/bvbe\/index.php\/wp-json\/wp\/v2\/pages\/183\/revisions"}],"predecessor-version":[{"id":2398,"href":"https:\/\/tumi.lamolina.edu.pe\/bvbe\/index.php\/wp-json\/wp\/v2\/pages\/183\/revisions\/2398"}],"wp:attachment":[{"href":"https:\/\/tumi.lamolina.edu.pe\/bvbe\/index.php\/wp-json\/wp\/v2\/media?parent=183"}],"curies":[{"name":"wp","href":"https:\/\/api.w.org\/{rel}","templated":true}]}}