
{"id":139,"date":"2016-09-07T16:33:26","date_gmt":"2016-09-07T16:33:26","guid":{"rendered":"http:\/\/bvbe1.compuwebperu.com\/bvbe\/?page_id=139"},"modified":"2018-09-22T14:26:14","modified_gmt":"2018-09-22T19:26:14","slug":"acerca-de-nosotros","status":"publish","type":"page","link":"https:\/\/tumi.lamolina.edu.pe\/bvbe\/index.php\/acerca-de-nosotros\/","title":{"rendered":"Acerca de Nosotros"},"content":{"rendered":"<p><span style=\"font-size: 14pt;\"><strong>Sala B\u00fasqueda Especializada<\/strong><\/span><\/p>\n<p style=\"text-align: justify;\">El 23 de octubre de 1998 se inaugur\u00f3 \u00a0formalmente la<span class=\"apple-converted-space\"><span style=\"color: blue; font-family: 'Arial','sans-serif'; font-size: 11pt;\">\u00a0<\/span><\/span><b><span style=\"color: blue; font-family: 'Arial','sans-serif'; font-size: 11pt;\">Oficina de B\u00fasqueda de Informaci\u00f3n Especializada<\/span><\/b><span style=\"color: blue; font-family: 'Arial','sans-serif'; font-size: 11pt;\">,<\/span><span class=\"apple-converted-space\">\u00a0<\/span>ubicada en el cuarto piso de la <a href=\"http:\/\/tumi.lamolina.edu.pe\/ban\/\">Biblioteca Agr\u00edcola Nacional<\/a>, esta oficina estuvo a cargo por tres Bachilleres de ingenier\u00eda de\u00a0 industrias alimentarias de la Facultad de Industrias Alimentarias de la Universidad Nacional Agraria la Molina.<\/p>\n<div id=\"body-wrapper\">\n<div id=\"outer-wrapper\">\n<div id=\"wrap2\">\n<div id=\"content-wrapper\">\n<div id=\"main-wrapper\">\n<div id=\"main\" class=\"main section\">\n<div id=\"Blog1\" class=\"widget Blog\" data-version=\"1\">\n<div class=\"blog-posts hfeed\">\n<div class=\"wrapfullpost\">\n<div class=\"post hentry\">\n<div class=\"post-body entry-content\">\n<div style=\"text-align: justify;\">\n<div>La<span class=\"apple-converted-space\"><span style=\"color: blue; font-family: 'Arial','sans-serif'; font-size: 11pt;\">\u00a0<\/span><\/span><b><span style=\"color: blue; font-family: 'Arial','sans-serif'; font-size: 11pt;\">Oficina de B\u00fasqueda de Informaci\u00f3n Especializada<\/span><\/b><span class=\"apple-converted-space\">\u00a0<\/span>se cre\u00f3 con la finalidad de brindar el servicio de asesor\u00eda y b\u00fasqueda de\u00a0 formaci\u00f3n t\u00e9cnica, cient\u00edfica y comercial \u00a0a la comunidad universitaria\u00a0 y p\u00fablico general a nivel nacional e internacional, en<span class=\"apple-converted-space\">\u00a0<\/span><span lang=\"ES\">temas relacionados a las ciencias agrarias y otras disciplinas. \u00a0 \u00a0L<\/span>a<span class=\"apple-converted-space\"><span style=\"color: blue; font-family: 'Arial','sans-serif'; font-size: 11pt;\">\u00a0<\/span><\/span><b><span style=\"color: blue; font-family: 'Arial','sans-serif'; font-size: 11pt;\">Oficina \u00a0 de B\u00fasqueda de \u00a0Informaci\u00f3n \u00a0Especializada<\/span><\/b><span class=\"apple-converted-space\">\u00a0 depend\u00eda\u00a0<\/span>\u00a0 directamente de la Direcci\u00f3n General de la Biblioteca Agr\u00edcola Nacional. En el a\u00f1o 2004 cambia de nombre a<span class=\"apple-converted-space\">\u00a0<\/span><b><span style=\"color: blue; font-family: 'Arial','sans-serif'; font-size: 11pt;\">Oficina de \u00a0Informaci\u00f3n Especializada<\/span><\/b><b>.<\/b><\/div>\n<\/div>\n<div style=\"text-align: justify;\"><\/div>\n<div style=\"text-align: justify;\"><\/div>\n<div style=\"text-align: justify;\">\n<div>A partir de junio de 2011 por orden de la Direcci\u00f3n General de la Biblioteca Agr\u00edcola Nacional<b>.<span class=\"apple-converted-space\">\u00a0<\/span><\/b>La<span class=\"apple-converted-space\"><b>\u00a0<\/b><\/span><b><span style=\"color: blue; font-family: 'Arial','sans-serif'; font-size: 11pt;\">Oficina de \u00a0Informaci\u00f3n Especializada<\/span><\/b><span class=\"apple-converted-space\">\u00a0<\/span>se traslada y\u00a0 toma el nombre de<span class=\"apple-converted-space\">\u00a0<\/span><b><span style=\"color: blue; font-family: 'Arial','sans-serif'; font-size: 11pt;\">Sala de Referencia Especializada.<\/span><\/b><\/div>\n<\/div>\n<div style=\"text-align: justify;\"><\/div>\n<div style=\"text-align: justify;\">\n<div>En el a\u00f1o 2013, la<span class=\"apple-converted-space\">\u00a0<\/span><b><span style=\"color: blue; font-family: 'Arial','sans-serif'; font-size: 11pt;\">Sala de Referencia Especializada<\/span><\/b><span class=\"apple-converted-space\"><span style=\"color: blue; font-family: 'Arial','sans-serif'; font-size: 11pt;\">\u00a0<\/span><\/span>toma el nombre de<span class=\"apple-converted-space\">\u00a0<\/span><b><span style=\"color: blue; font-family: 'Arial','sans-serif'; font-size: 11pt;\">Sala Virtual y B\u00fasqueda Especializada (BVBE).<\/span><\/b><\/div>\n<\/div>\n<div style=\"text-align: justify;\"><\/div>\n<div style=\"text-align: justify;\">\n<div>Durante estos pr\u00f3ximos 20 a\u00f1os \u00a0de existencia, desde su inicio como<span class=\"apple-converted-space\">\u00a0<\/span><b><span style=\"color: blue; font-family: 'Arial','sans-serif'; font-size: 11pt;\">Oficina de B\u00fasqueda de Informaci\u00f3n Especializada,<\/span><\/b><span class=\"apple-converted-space\"><b>\u00a0<\/b><\/span>\u00a0los servicios ofrecidos han \u00a0evolucionado de acuerdo al avance tecnol\u00f3gico \u00a0tanto a nivel presencial y virtual.<\/div>\n<\/div>\n<div style=\"text-align: justify;\"><\/div>\n<div style=\"text-align: justify;\">\n<div><span lang=\"ES\">La\u00a0<\/span><b><span style=\"color: blue; font-family: 'Arial','sans-serif'; font-size: 11pt;\">Sala Biblioteca Virtual y B\u00fasqueda Especializada (BVBE).<\/span><\/b><span style=\"color: blue; font-family: 'Arial','sans-serif'; font-size: 11pt;\">\u00a0<\/span><span lang=\"ES\">Realiza<a href=\"http:\/\/tumi.lamolina.edu.pe\/bvbe\/index.php\/serviciocapa\/\"> talleres de capacitaci\u00f3n<\/a> a los usuarios en el uso de las <a href=\"http:\/\/tumi.lamolina.edu.pe\/bvbe\/index.php\/bases-de-datos-ban-unalm\/\">bases de datos<\/a> especializadas y tiene un ambiente exclusivo destinado a la Biblioteca Virtual que cuenta con<a href=\"http:\/\/tumi.lamolina.edu.pe\/bvbe\/index.php\/libros-electronicos-e-books\/\"> libros electr\u00f3nicos<\/a>.<\/span><\/div>\n<\/div>\n<div style=\"text-align: justify;\"><\/div>\n<div style=\"text-align: justify;\">Contamos con un<a href=\"http:\/\/tumi.lamolina.edu.pe\/bvbe\/index.php\/centro-de-practicas-tecnologicas\/\"><span class=\"apple-converted-space\">\u00a0<\/span>centro de pr\u00e1cticas tecnol\u00f3gicas<\/a> con computadora modernas para facilitar a los docentes y alumnos el uso de \u00a0las TIC en \u00a0la investigaci\u00f3n, brindando diferentes cursos.<\/div>\n<div><\/div>\n<\/div>\n<\/div>\n<div><\/div>\n<div><span style=\"color: #000000;\"><strong>Sala B\u00fasqueda Especializada 20 a\u00f1os apoyando la <a href=\"http:\/\/tumi.lamolina.edu.pe\/bvbe\/index.php\/taller-autor-wiley\/\">investigaci\u00f3n<\/a> en la <a href=\"http:\/\/www.lamolina.edu.pe\/\">Universidad Nacional Agraria la Molina<\/a> (UNALM).<\/strong><\/span><\/div>\n<div><\/div>\n<\/div>\n<\/div>\n<\/div>\n<\/div>\n<\/div>\n<\/div>\n<div><\/div>\n<div id=\"content-wrapper\">\n<div id=\"main-wrapper\">\n<div id=\"main\" class=\"main section\">\n<div id=\"Blog1\" class=\"widget Blog\" data-version=\"1\">\n<div class=\"blog-posts hfeed\">\n<div class=\"wrapfullpost\">\n<div class=\"post hentry\">\n<div class=\"post-body entry-content\">\n<div style=\"text-align: justify;\"><\/div>\n<\/div>\n<\/div>\n<\/div>\n<\/div>\n<\/div>\n<\/div>\n<\/div>\n<\/div>\n<\/div>\n<\/div>\n<\/div>\n","protected":false},"excerpt":{"rendered":"<p>Sala B\u00fasqueda Especializada El 23 de octubre de 1998 se inaugur\u00f3 \u00a0formalmente la\u00a0Oficina de B\u00fasqueda de Informaci\u00f3n Especializada,\u00a0ubicada en el cuarto piso de la Biblioteca Agr\u00edcola Nacional, esta oficina estuvo a cargo por tres Bachilleres de ingenier\u00eda de\u00a0 industrias alimentarias de la Facultad de Industrias Alimentarias de la Universidad Nacional Agraria la Molina. La\u00a0Oficina de &hellip;<\/p>\n","protected":false},"author":1,"featured_media":0,"parent":0,"menu_order":0,"comment_status":"closed","ping_status":"closed","template":"","meta":{"footnotes":""},"_links":{"self":[{"href":"https:\/\/tumi.lamolina.edu.pe\/bvbe\/index.php\/wp-json\/wp\/v2\/pages\/139"}],"collection":[{"href":"https:\/\/tumi.lamolina.edu.pe\/bvbe\/index.php\/wp-json\/wp\/v2\/pages"}],"about":[{"href":"https:\/\/tumi.lamolina.edu.pe\/bvbe\/index.php\/wp-json\/wp\/v2\/types\/page"}],"author":[{"embeddable":true,"href":"https:\/\/tumi.lamolina.edu.pe\/bvbe\/index.php\/wp-json\/wp\/v2\/users\/1"}],"replies":[{"embeddable":true,"href":"https:\/\/tumi.lamolina.edu.pe\/bvbe\/index.php\/wp-json\/wp\/v2\/comments?post=139"}],"version-history":[{"count":14,"href":"https:\/\/tumi.lamolina.edu.pe\/bvbe\/index.php\/wp-json\/wp\/v2\/pages\/139\/revisions"}],"predecessor-version":[{"id":2322,"href":"https:\/\/tumi.lamolina.edu.pe\/bvbe\/index.php\/wp-json\/wp\/v2\/pages\/139\/revisions\/2322"}],"wp:attachment":[{"href":"https:\/\/tumi.lamolina.edu.pe\/bvbe\/index.php\/wp-json\/wp\/v2\/media?parent=139"}],"curies":[{"name":"wp","href":"https:\/\/api.w.org\/{rel}","templated":true}]}}